{"id":2365,"date":"2020-10-15T18:38:43","date_gmt":"2020-10-15T21:38:43","guid":{"rendered":"https:\/\/www.hogardecristo.cl\/sumate\/?page_id=2365"},"modified":"2025-11-10T12:51:48","modified_gmt":"2025-11-10T15:51:48","slug":"quienes-somos","status":"publish","type":"page","link":"https:\/\/www.hogardecristo.cl\/sumate\/quienes-somos\/","title":{"rendered":"Qui\u00e9nes Somos"},"content":{"rendered":"<p>[et_pb_section fb_built=\u00bb1&#8243; admin_label=\u00bbGlobal Header\u00bb _builder_version=\u00bb4.6.6&#8243; _module_preset=\u00bbdefault\u00bb background_color=\u00bb#77aa00&#8243; background_image=\u00bbhttps:\/\/www.hogardecristo.cl\/sumate\/wp-content\/uploads\/2020\/10\/sumate5.jpg\u00bb background_blend=\u00bbsoft-light\u00bb custom_margin=\u00bb||||false|false\u00bb custom_margin_tablet=\u00bb90px||||false|false\u00bb custom_margin_phone=\u00bb70px||||false|false\u00bb custom_margin_last_edited=\u00bboff|desktop\u00bb custom_padding=\u00bb15px|10px|15px|10px|true|true\u00bb global_module=\u00bb2368&#8243; global_colors_info=\u00bb{}\u00bb][et_pb_row column_structure=\u00bb1_2,1_2&#8243; _builder_version=\u00bb4.16&#8243; _module_preset=\u00bbdefault\u00bb custom_margin=\u00bb||0px||false|false\u00bb custom_padding=\u00bb11px|0px|0px|0px|false|true\u00bb global_colors_info=\u00bb{}\u00bb][et_pb_column type=\u00bb1_2&#8243; _builder_version=\u00bb4.16&#8243; _module_preset=\u00bbdefault\u00bb custom_css_main_element=\u00bbmargin-bottom: 0px!important;\u00bb global_colors_info=\u00bb{}\u00bb custom_css_main_element_last_edited=\u00bboff|tablet\u00bb][et_pb_text admin_label=\u00bbTexto\u00bb _builder_version=\u00bb4.16&#8243; _dynamic_attributes=\u00bbcontent\u00bb _module_preset=\u00bbdefault\u00bb header_text_color=\u00bb#ffffff\u00bb header_font_size=\u00bb30px\u00bb custom_margin=\u00bb||||false|false\u00bb custom_padding=\u00bb2px|0px|0px|0px|false|true\u00bb custom_padding_tablet=\u00bb|10px||10px|false|true\u00bb custom_padding_phone=\u00bb\u00bb custom_padding_last_edited=\u00bbon|phone\u00bb global_colors_info=\u00bb{}\u00bb]@ET-DC@eyJkeW5hbWljIjp0cnVlLCJjb250ZW50IjoicG9zdF90aXRsZSIsInNldHRpbmdzIjp7ImJlZm9yZSI6IjxoMT4iLCJhZnRlciI6IjwvaDE+In19@[\/et_pb_text][\/et_pb_column][et_pb_column type=\u00bb1_2&#8243; disabled_on=\u00bbon|on|off\u00bb _builder_version=\u00bb4.16&#8243; _module_preset=\u00bbdefault\u00bb global_colors_info=\u00bb{}\u00bb][et_pb_code disabled_on=\u00bbon|on|off\u00bb _builder_version=\u00bb4.16&#8243; _module_preset=\u00bbdefault\u00bb text_orientation=\u00bbright\u00bb custom_padding=\u00bb0px|0px|0px|0px|true|true\u00bb custom_css_main_element=\u00bbcolor: white;||margin-top: -4px;||margin-bottom: 4px;\u00bb global_colors_info=\u00bb{}\u00bb][flexy_breadcrumb][\/et_pb_code][\/et_pb_column][\/et_pb_row][\/et_pb_section][et_pb_section fb_built=\u00bb1&#8243; _builder_version=\u00bb4.16&#8243; _module_preset=\u00bbab70deb2-136b-4768-8aad-c1378081c202&#8243; custom_margin=\u00bb||||false|false\u00bb custom_padding=\u00bb|10px||10px|true|true\u00bb global_colors_info=\u00bb{}\u00bb][et_pb_row _builder_version=\u00bb4.16&#8243; _module_preset=\u00bbebcff3d7-a3ce-4e98-a938-a1a31afe4c1a\u00bb custom_margin=\u00bb||20px||false|false\u00bb custom_padding=\u00bb0px||0px||false|false\u00bb global_colors_info=\u00bb{}\u00bb][et_pb_column type=\u00bb4_4&#8243; _builder_version=\u00bb4.16&#8243; _module_preset=\u00bbdefault\u00bb global_colors_info=\u00bb{}\u00bb][et_pb_text _builder_version=\u00bb4.16&#8243; _module_preset=\u00bb5689cacd-3f41-4c09-8a82-dcd52065f889&#8243; custom_margin=\u00bb||0px||false|false\u00bb custom_padding=\u00bb||0px||false|false\u00bb locked=\u00bboff\u00bb global_colors_info=\u00bb{}\u00bb]<\/p>\n<h2>Recuperando Trayectoria<\/h2>\n<p>[\/et_pb_text][\/et_pb_column][\/et_pb_row][et_pb_row column_structure=\u00bb2_5,3_5&#8243; make_equal=\u00bbon\u00bb _builder_version=\u00bb4.16&#8243; _module_preset=\u00bbebcff3d7-a3ce-4e98-a938-a1a31afe4c1a\u00bb global_colors_info=\u00bb{}\u00bb][et_pb_column type=\u00bb2_5&#8243; _builder_version=\u00bb4.16&#8243; _module_preset=\u00bbdefault\u00bb background_image=\u00bbhttps:\/\/www.hogardecristo.cl\/sumate\/wp-content\/uploads\/2020\/10\/cartel-escuelas-sumate.jpg\u00bb border_radii=\u00bbon|5px|5px|5px|5px\u00bb box_shadow_style=\u00bbpreset3&#8243; global_colors_info=\u00bb{}\u00bb][et_pb_divider show_divider=\u00bboff\u00bb _builder_version=\u00bb4.16&#8243; _module_preset=\u00bbdefault\u00bb min_height=\u00bb200px\u00bb global_colors_info=\u00bb{}\u00bb][\/et_pb_divider][\/et_pb_column][et_pb_column type=\u00bb3_5&#8243; _builder_version=\u00bb4.16&#8243; _module_preset=\u00bbdefault\u00bb custom_padding=\u00bb||||false|false\u00bb global_colors_info=\u00bb{}\u00bb][et_pb_text _builder_version=\u00bb4.16&#8243; _module_preset=\u00bb5689cacd-3f41-4c09-8a82-dcd52065f889&#8243; text_orientation=\u00bbjustified\u00bb custom_margin=\u00bb||15px||false|false\u00bb custom_padding=\u00bb||||false|false\u00bb locked=\u00bboff\u00bb global_colors_info=\u00bb{}\u00bb]<\/p>\n<p>Somos una comunidad que aspira a aportar al bienestar e inclusi\u00f3n social de los j\u00f3venes de nuestro pa\u00eds y a la disminuci\u00f3n de la brecha de exclusi\u00f3n educativa.<\/p>\n<p>Queremos ser parte de una red de cobertura nacional de sostenedores y organizaciones de la Sociedad Civil, p\u00fablicos y privados, especializados en recuperaci\u00f3n de trayectorias educativas y acompa\u00f1amiento socioeducativo de j\u00f3venes para la construcci\u00f3n de sus proyectos de vida y real inclusi\u00f3n social.<\/p>\n<p>Creemos que todos los j\u00f3venes tienen un alto potencial de desarrollo y son constructores de su futuro, nuestro futuro.<\/p>\n<p>A trav\u00e9s de espacios de encuentro, reconocimiento, de toma de decisiones y proyecci\u00f3n los acompa\u00f1amos en la construcci\u00f3n de sus proyectos de vida.<\/p>\n<p>[\/et_pb_text][\/et_pb_column][\/et_pb_row][\/et_pb_section][et_pb_section fb_built=\u00bb1&#8243; _builder_version=\u00bb4.16&#8243; _module_preset=\u00bbab70deb2-136b-4768-8aad-c1378081c202&#8243; background_color=\u00bb#f7ffe4&#8243; custom_margin=\u00bb||||false|false\u00bb custom_padding=\u00bb|10px||10px|true|true\u00bb global_colors_info=\u00bb{}\u00bb][et_pb_row _builder_version=\u00bb4.16&#8243; _module_preset=\u00bbebcff3d7-a3ce-4e98-a938-a1a31afe4c1a\u00bb custom_margin=\u00bb||20px||false|false\u00bb custom_padding=\u00bb0px||0px||false|false\u00bb locked=\u00bboff\u00bb global_colors_info=\u00bb{}\u00bb][et_pb_column type=\u00bb4_4&#8243; _builder_version=\u00bb4.16&#8243; _module_preset=\u00bbdefault\u00bb global_colors_info=\u00bb{}\u00bb][et_pb_text admin_label=\u00bbTexto\u00bb _builder_version=\u00bb4.16&#8243; _module_preset=\u00bb5689cacd-3f41-4c09-8a82-dcd52065f889&#8243; custom_margin=\u00bb||0px||false|false\u00bb custom_padding=\u00bb||0px||false|false\u00bb locked=\u00bboff\u00bb global_colors_info=\u00bb{}\u00bb]<\/p>\n<h2>Nuestro Equipo<\/h2>\n<p>[\/et_pb_text][\/et_pb_column][\/et_pb_row][et_pb_row column_structure=\u00bb1_3,1_3,1_3&#8243; _builder_version=\u00bb4.26.0&#8243; _module_preset=\u00bbdefault\u00bb global_colors_info=\u00bb{}\u00bb][et_pb_column type=\u00bb1_3&#8243; _builder_version=\u00bb4.26.0&#8243; _module_preset=\u00bbdefault\u00bb global_colors_info=\u00bb{}\u00bb][et_pb_blurb title=\u00bbCarola Gana\u00bb image=\u00bbhttps:\/\/www.hogardecristo.cl\/sumate\/wp-content\/uploads\/2025\/11\/Screenshot_2.png\u00bb image_icon_width=\u00bb150px\u00bb _builder_version=\u00bb4.27.4&#8243; _module_preset=\u00bbffefc8e9-ea58-4a09-8ab9-655fe6bdc555&#8243; header_text_align=\u00bbcenter\u00bb body_font=\u00bb|700|||||||\u00bb body_text_align=\u00bbcenter\u00bb hover_enabled=\u00bb0&#8243; border_radii_image=\u00bbon|300px|300px|300px|300px\u00bb image_max_width=\u00bb150px\u00bb global_colors_info=\u00bb{}\u00bb title_text=\u00bbScreenshot_2&#8243; sticky_enabled=\u00bb0&#8243;]<\/p>\n<p>Directora Ejecutiva<\/p>\n<p>[\/et_pb_blurb][\/et_pb_column][et_pb_column type=\u00bb1_3&#8243; _builder_version=\u00bb4.26.0&#8243; _module_preset=\u00bbdefault\u00bb global_colors_info=\u00bb{}\u00bb][et_pb_blurb title=\u00bbAlicia C\u00e1rdenas\u00bb image=\u00bbhttps:\/\/www.hogardecristo.cl\/sumate\/wp-content\/uploads\/2020\/10\/equipo-sumate-alicia-cardenas.jpg\u00bb image_icon_width=\u00bb150px\u00bb _builder_version=\u00bb4.16&#8243; _module_preset=\u00bbffefc8e9-ea58-4a09-8ab9-655fe6bdc555&#8243; header_text_align=\u00bbcenter\u00bb body_font=\u00bb|700|||||||\u00bb body_text_align=\u00bbcenter\u00bb border_radii_image=\u00bbon|300px|300px|300px|300px\u00bb image_max_width=\u00bb150px\u00bb global_colors_info=\u00bb{}\u00bb]<\/p>\n<p>Jefa de Vinculaci\u00f3n con el medio<\/p>\n<p>[\/et_pb_blurb][\/et_pb_column][et_pb_column type=\u00bb1_3&#8243; _builder_version=\u00bb4.26.0&#8243; _module_preset=\u00bbdefault\u00bb global_colors_info=\u00bb{}\u00bb][et_pb_blurb title=\u00bbChristian N\u00fa\u00f1ez\u00bb image=\u00bbhttps:\/\/www.hogardecristo.cl\/sumate\/wp-content\/uploads\/2023\/04\/christian-nunez.jpg\u00bb image_icon_width=\u00bb150px\u00bb _builder_version=\u00bb4.21.0&#8243; _module_preset=\u00bbffefc8e9-ea58-4a09-8ab9-655fe6bdc555&#8243; header_text_align=\u00bbcenter\u00bb body_font=\u00bb|700|||||||\u00bb body_text_align=\u00bbcenter\u00bb border_radii_image=\u00bbon|300px|300px|300px|300px\u00bb image_max_width=\u00bb150px\u00bb global_colors_info=\u00bb{}\u00bb]<\/p>\n<p>Jefe de Administraci\u00f3n y Finanzas<\/p>\n<p>[\/et_pb_blurb][\/et_pb_column][\/et_pb_row][et_pb_row _builder_version=\u00bb4.21.0&#8243; _module_preset=\u00bbdefault\u00bb global_colors_info=\u00bb{}\u00bb][et_pb_column type=\u00bb4_4&#8243; _builder_version=\u00bb4.21.0&#8243; _module_preset=\u00bbdefault\u00bb global_colors_info=\u00bb{}\u00bb][et_pb_code _builder_version=\u00bb4.21.0&#8243; _module_preset=\u00bbdefault\u00bb global_colors_info=\u00bb{}\u00bb]\u00a0[\/et_pb_code][\/et_pb_column][\/et_pb_row][et_pb_row column_structure=\u00bb1_3,1_3,1_3&#8243; _builder_version=\u00bb4.21.0&#8243; _module_preset=\u00bbdefault\u00bb global_colors_info=\u00bb{}\u00bb][et_pb_column type=\u00bb1_3&#8243; _builder_version=\u00bb4.21.0&#8243; _module_preset=\u00bbdefault\u00bb global_colors_info=\u00bb{}\u00bb][\/et_pb_column][et_pb_column type=\u00bb1_3&#8243; _builder_version=\u00bb4.21.0&#8243; _module_preset=\u00bbdefault\u00bb global_colors_info=\u00bb{}\u00bb][et_pb_blurb title=\u00bbSamuel Delgado\u00bb image=\u00bbhttps:\/\/www.hogardecristo.cl\/sumate\/wp-content\/uploads\/2023\/04\/samuel-delgado.jpg\u00bb image_icon_width=\u00bb150px\u00bb _builder_version=\u00bb4.21.0&#8243; _module_preset=\u00bbffefc8e9-ea58-4a09-8ab9-655fe6bdc555&#8243; header_text_align=\u00bbcenter\u00bb body_font=\u00bb|700|||||||\u00bb body_text_align=\u00bbcenter\u00bb border_radii_image=\u00bbon|300px|300px|300px|300px\u00bb image_max_width=\u00bb150px\u00bb global_colors_info=\u00bb{}\u00bb]<\/p>\n<p>Director de Operaciones<\/p>\n<p>[\/et_pb_blurb][\/et_pb_column][et_pb_column type=\u00bb1_3&#8243; _builder_version=\u00bb4.21.0&#8243; _module_preset=\u00bbdefault\u00bb global_colors_info=\u00bb{}\u00bb][\/et_pb_column][\/et_pb_row][\/et_pb_section][et_pb_section fb_built=\u00bb1&#8243; _builder_version=\u00bb4.16&#8243; _module_preset=\u00bbab70deb2-136b-4768-8aad-c1378081c202&#8243; custom_margin=\u00bb||||false|false\u00bb custom_padding=\u00bb|10px||10px|true|true\u00bb global_colors_info=\u00bb{}\u00bb][et_pb_row column_structure=\u00bb1_2,1_2&#8243; _builder_version=\u00bb4.16&#8243; _module_preset=\u00bbebcff3d7-a3ce-4e98-a938-a1a31afe4c1a\u00bb global_colors_info=\u00bb{}\u00bb][et_pb_column type=\u00bb1_2&#8243; _builder_version=\u00bb4.16&#8243; _module_preset=\u00bbdefault\u00bb global_colors_info=\u00bb{}\u00bb][et_pb_text _builder_version=\u00bb4.17.6&#8243; _module_preset=\u00bb5689cacd-3f41-4c09-8a82-dcd52065f889&#8243; custom_margin=\u00bb||0px||false|false\u00bb custom_padding=\u00bb||0px||false|false\u00bb locked=\u00bboff\u00bb global_colors_info=\u00bb{}\u00bb]<\/p>\n<h2>Prop\u00f3sito<\/h2>\n<p>[\/et_pb_text][et_pb_text _builder_version=\u00bb4.17.6&#8243; _module_preset=\u00bb5689cacd-3f41-4c09-8a82-dcd52065f889&#8243; custom_margin=\u00bb||15px||false|false\u00bb custom_padding=\u00bb||||false|false\u00bb locked=\u00bboff\u00bb global_colors_info=\u00bb{}\u00bb]<\/p>\n<p>Ser una organizaci\u00f3n a la vanguardia de la inclusi\u00f3n social y el reingreso escolar con un modelo educativo innovador, de calidad, transferible y escalable.<\/p>\n<p>[\/et_pb_text][\/et_pb_column][et_pb_column type=\u00bb1_2&#8243; _builder_version=\u00bb4.16&#8243; _module_preset=\u00bbdefault\u00bb global_colors_info=\u00bb{}\u00bb][et_pb_text _builder_version=\u00bb4.17.6&#8243; _module_preset=\u00bb5689cacd-3f41-4c09-8a82-dcd52065f889&#8243; custom_margin=\u00bb||0px||false|false\u00bb custom_padding=\u00bb||0px||false|false\u00bb locked=\u00bboff\u00bb global_colors_info=\u00bb{}\u00bb]<\/p>\n<h2>Estrategia Social<\/h2>\n<p>[\/et_pb_text][et_pb_text _builder_version=\u00bb4.21.0&#8243; _module_preset=\u00bb5689cacd-3f41-4c09-8a82-dcd52065f889&#8243; custom_margin=\u00bb||15px||false|false\u00bb custom_padding=\u00bb||||false|false\u00bb locked=\u00bboff\u00bb global_colors_info=\u00bb{}\u00bb]<\/p>\n<p>Aportar al bienestar e inclusi\u00f3n social de los NNJ fuera del sistema escolar y a la disminuci\u00f3n de la brecha de exclusi\u00f3n.<\/p>\n<p>[\/et_pb_text][\/et_pb_column][\/et_pb_row][\/et_pb_section][et_pb_section fb_built=\u00bb1&#8243; _builder_version=\u00bb4.16&#8243; _module_preset=\u00bbab70deb2-136b-4768-8aad-c1378081c202&#8243; background_color=\u00bb#f7ffe4&#8243; custom_margin=\u00bb||||false|false\u00bb custom_padding=\u00bb|10px||10px|true|true\u00bb locked=\u00bboff\u00bb global_colors_info=\u00bb{}\u00bb][et_pb_row _builder_version=\u00bb4.16&#8243; _module_preset=\u00bbebcff3d7-a3ce-4e98-a938-a1a31afe4c1a\u00bb custom_margin=\u00bb||20px||false|false\u00bb custom_padding=\u00bb0px||0px||false|false\u00bb locked=\u00bboff\u00bb global_colors_info=\u00bb{}\u00bb][et_pb_column type=\u00bb4_4&#8243; _builder_version=\u00bb4.16&#8243; _module_preset=\u00bbdefault\u00bb global_colors_info=\u00bb{}\u00bb][et_pb_text _builder_version=\u00bb4.26.0&#8243; _module_preset=\u00bb5689cacd-3f41-4c09-8a82-dcd52065f889&#8243; custom_margin=\u00bb||0px||false|false\u00bb custom_padding=\u00bb||0px||false|false\u00bb locked=\u00bboff\u00bb global_colors_info=\u00bb{}\u00bb]<\/p>\n<h2>Directorio<\/h2>\n<p>[\/et_pb_text][\/et_pb_column][\/et_pb_row][et_pb_row column_structure=\u00bb1_3,1_3,1_3&#8243; _builder_version=\u00bb4.16&#8243; _module_preset=\u00bbebcff3d7-a3ce-4e98-a938-a1a31afe4c1a\u00bb custom_padding=\u00bb0px||||false|false\u00bb global_colors_info=\u00bb{}\u00bb][et_pb_column type=\u00bb1_3&#8243; _builder_version=\u00bb4.16&#8243; _module_preset=\u00bbdefault\u00bb global_colors_info=\u00bb{}\u00bb][et_pb_blurb title=\u00bbCelia Alvari\u00f1o Vidal\u00bb image=\u00bbhttps:\/\/www.hogardecristo.cl\/sumate\/wp-content\/uploads\/2023\/04\/Celia-Alvarino-242&#215;300-2.jpg\u00bb image_icon_width=\u00bb150px\u00bb _builder_version=\u00bb4.26.0&#8243; _module_preset=\u00bbffefc8e9-ea58-4a09-8ab9-655fe6bdc555&#8243; header_text_align=\u00bbcenter\u00bb body_font=\u00bb|700|||||||\u00bb body_text_align=\u00bbcenter\u00bb border_radii_image=\u00bbon|300px|300px|300px|300px\u00bb image_max_width=\u00bb150px\u00bb global_colors_info=\u00bb{}\u00bb]<\/p>\n<p>Presidenta<\/p>\n<p>[\/et_pb_blurb][\/et_pb_column][et_pb_column type=\u00bb1_3&#8243; _builder_version=\u00bb4.16&#8243; _module_preset=\u00bbdefault\u00bb global_colors_info=\u00bb{}\u00bb][et_pb_blurb title=\u00bbMagdalena Claro Tagle\u00bb image=\u00bbhttps:\/\/www.hogardecristo.cl\/sumate\/wp-content\/uploads\/2024\/09\/Magdalena-Claro.jpg\u00bb image_icon_width=\u00bb150px\u00bb _builder_version=\u00bb4.26.0&#8243; _module_preset=\u00bbffefc8e9-ea58-4a09-8ab9-655fe6bdc555&#8243; header_text_align=\u00bbcenter\u00bb body_font=\u00bb|700|||||||\u00bb body_text_align=\u00bbcenter\u00bb border_radii_image=\u00bbon|300px|300px|300px|300px\u00bb image_max_width=\u00bb150px\u00bb global_colors_info=\u00bb{}\u00bb]<\/p>\n<p>Vice Presidenta<\/p>\n<p>[\/et_pb_blurb][\/et_pb_column][et_pb_column type=\u00bb1_3&#8243; _builder_version=\u00bb4.16&#8243; _module_preset=\u00bbdefault\u00bb global_colors_info=\u00bb{}\u00bb][et_pb_blurb title=\u00bbMar\u00eda Paz Epelman\u00bb image=\u00bbhttps:\/\/www.hogardecristo.cl\/sumate\/wp-content\/uploads\/2025\/09\/paria-paz-epelman.png\u00bb image_icon_width=\u00bb150px\u00bb _builder_version=\u00bb4.26.0&#8243; _module_preset=\u00bbffefc8e9-ea58-4a09-8ab9-655fe6bdc555&#8243; header_text_align=\u00bbcenter\u00bb body_font=\u00bb|700|||||||\u00bb body_text_align=\u00bbcenter\u00bb border_radii_image=\u00bbon|300px|300px|300px|300px\u00bb image_max_width=\u00bb150px\u00bb global_colors_info=\u00bb{}\u00bb]<\/p>\n<p>Secretaria<\/p>\n<p>[\/et_pb_blurb][\/et_pb_column][\/et_pb_row][et_pb_row column_structure=\u00bb1_3,1_3,1_3&#8243; _builder_version=\u00bb4.16&#8243; _module_preset=\u00bbebcff3d7-a3ce-4e98-a938-a1a31afe4c1a\u00bb custom_padding=\u00bb||0px||false|false\u00bb global_colors_info=\u00bb{}\u00bb][et_pb_column type=\u00bb1_3&#8243; _builder_version=\u00bb4.16&#8243; _module_preset=\u00bbdefault\u00bb global_colors_info=\u00bb{}\u00bb][et_pb_blurb title=\u00bbFernando Zavala\u00bb image=\u00bbhttps:\/\/www.hogardecristo.cl\/sumate\/wp-content\/uploads\/2024\/09\/fernando.jpg\u00bb image_icon_width=\u00bb150px\u00bb _builder_version=\u00bb4.26.0&#8243; _module_preset=\u00bbffefc8e9-ea58-4a09-8ab9-655fe6bdc555&#8243; header_text_align=\u00bbcenter\u00bb body_font=\u00bb|700|||||||\u00bb body_text_align=\u00bbcenter\u00bb border_radii_image=\u00bbon|300px|300px|300px|300px\u00bb image_max_width=\u00bb150px\u00bb global_colors_info=\u00bb{}\u00bb]<\/p>\n<p>Tesorero<\/p>\n<p>[\/et_pb_blurb][\/et_pb_column][et_pb_column type=\u00bb1_3&#8243; _builder_version=\u00bb4.16&#8243; _module_preset=\u00bbdefault\u00bb global_colors_info=\u00bb{}\u00bb][et_pb_blurb title=\u00bbRa\u00fal Figueroa Salas\u00bb image=\u00bbhttps:\/\/www.hogardecristo.cl\/sumate\/wp-content\/uploads\/2025\/09\/raul-figueroa.png\u00bb image_icon_width=\u00bb150px\u00bb _builder_version=\u00bb4.26.0&#8243; _module_preset=\u00bbffefc8e9-ea58-4a09-8ab9-655fe6bdc555&#8243; header_text_align=\u00bbcenter\u00bb body_font=\u00bb|700|||||||\u00bb body_text_align=\u00bbcenter\u00bb border_radii_image=\u00bbon|300px|300px|300px|300px\u00bb image_max_width=\u00bb150px\u00bb global_colors_info=\u00bb{}\u00bb]<\/p>\n<p>Director<\/p>\n<p>[\/et_pb_blurb][\/et_pb_column][et_pb_column type=\u00bb1_3&#8243; _builder_version=\u00bb4.16&#8243; _module_preset=\u00bbdefault\u00bb global_colors_info=\u00bb{}\u00bb][et_pb_blurb title=\u00bbEugenio Severin Concha\u00bb image=\u00bbhttps:\/\/www.hogardecristo.cl\/sumate\/wp-content\/uploads\/2025\/09\/Eugenio-Severin-Concha.jpg\u00bb image_icon_width=\u00bb150px\u00bb _builder_version=\u00bb4.26.0&#8243; _module_preset=\u00bbffefc8e9-ea58-4a09-8ab9-655fe6bdc555&#8243; header_text_align=\u00bbcenter\u00bb body_font=\u00bb|700|||||||\u00bb body_text_align=\u00bbcenter\u00bb border_radii_image=\u00bbon|300px|300px|300px|300px\u00bb image_max_width=\u00bb150px\u00bb global_colors_info=\u00bb{}\u00bb]<\/p>\n<p>Directora<\/p>\n<p>[\/et_pb_blurb][\/et_pb_column][\/et_pb_row][et_pb_row column_structure=\u00bb1_3,1_3,1_3&#8243; _builder_version=\u00bb4.16&#8243; _module_preset=\u00bbebcff3d7-a3ce-4e98-a938-a1a31afe4c1a\u00bb custom_padding=\u00bb||0px||false|false\u00bb global_colors_info=\u00bb{}\u00bb][et_pb_column type=\u00bb1_3&#8243; _builder_version=\u00bb4.16&#8243; _module_preset=\u00bbdefault\u00bb global_colors_info=\u00bb{}\u00bb][\/et_pb_column][et_pb_column type=\u00bb1_3&#8243; _builder_version=\u00bb4.16&#8243; _module_preset=\u00bbdefault\u00bb global_colors_info=\u00bb{}\u00bb][et_pb_blurb title=\u00bbJos\u00e9 Francisco Yuraszeck Krebs S.J\u00bb image=\u00bbhttps:\/\/www.hogardecristo.cl\/sumate\/wp-content\/uploads\/2023\/04\/Jose-Francisco-Yuraszeck-s.j.jpeg\u00bb image_icon_width=\u00bb150px\u00bb _builder_version=\u00bb4.21.0&#8243; _module_preset=\u00bbffefc8e9-ea58-4a09-8ab9-655fe6bdc555&#8243; header_text_align=\u00bbcenter\u00bb body_font=\u00bb|700|||||||\u00bb body_text_align=\u00bbcenter\u00bb border_radii_image=\u00bbon|300px|300px|300px|300px\u00bb image_max_width=\u00bb150px\u00bb global_colors_info=\u00bb{}\u00bb]<\/p>\n<p>Capell\u00e1n General<\/p>\n<p>[\/et_pb_blurb][\/et_pb_column][et_pb_column type=\u00bb1_3&#8243; _builder_version=\u00bb4.16&#8243; _module_preset=\u00bbdefault\u00bb global_colors_info=\u00bb{}\u00bb][\/et_pb_column][\/et_pb_row][\/et_pb_section][et_pb_section fb_built=\u00bb1&#8243; _builder_version=\u00bb4.16&#8243; _module_preset=\u00bbab70deb2-136b-4768-8aad-c1378081c202&#8243; custom_margin=\u00bb||||false|false\u00bb custom_padding=\u00bb|10px||10px|true|true\u00bb locked=\u00bboff\u00bb global_colors_info=\u00bb{}\u00bb][et_pb_row _builder_version=\u00bb4.16&#8243; _module_preset=\u00bbebcff3d7-a3ce-4e98-a938-a1a31afe4c1a\u00bb custom_padding=\u00bb0px||||false|false\u00bb global_colors_info=\u00bb{}\u00bb][et_pb_column type=\u00bb4_4&#8243; _builder_version=\u00bb4.16&#8243; _module_preset=\u00bbdefault\u00bb global_colors_info=\u00bb{}\u00bb][et_pb_text _builder_version=\u00bb4.16&#8243; _module_preset=\u00bb5689cacd-3f41-4c09-8a82-dcd52065f889&#8243; custom_padding=\u00bb0px||0px||false|false\u00bb global_colors_info=\u00bb{}\u00bb]<\/p>\n<h2>Noticias S\u00famate<\/h2>\n<p>[\/et_pb_text][et_pb_code _builder_version=\u00bb4.22.2&#8243; _module_preset=\u00bbdefault\u00bb global_colors_info=\u00bb{}\u00bb]<\/p>\n<div class=\"itemscarrusel\" style=\"overflow-x: hidden\"><!-- [et_pb_line_break_holder] -->  <style>.slick-slide{transition:.3s}.slick-slide:hover{box-shadow:0 4px 4px rgba(0,0,0,.2);border-radius:0 0 8px 8px;}.cards{display:flex;flex-direction:column;justify-content:flex-end;align-items:flex-start;width:292px;height:auto;transition:.1s;backface-visibility:hidden;border-radius:5px}.text-cards{user-select:none;line-height:24px;margin:0;padding:0;color:#00ce9f}.tc-h2{display:block;width:100%;font-weight:700;height:100px;font-size:22px;color:#fff}.tc-p{display:block;font-size:14px;text-align:left}.cards-sl{display:flex;justify-content:center;color:transparent}.cards:hover+.cards-sl{color:#f0980edb!important}.cards-sl:hover{color:#f0980e95!important}.cards-btn{display:flex;align-items:center;max-width:140px;color:#fff;font-weight:700;border-radius:0 25px 25px 0;transition:.3s;background-color:#a9d14d;padding:8px 20px;margin-left:-20px}.cards-sup{width:100%;border-radius:8px 8px 0 0;height:200px;transition:.3s ease-in-out}.cards-bel{display:flex;flex-direction:column;justify-content:space-between;padding:20px;width:100%;background-color:#84bd00;border-radius:0 0 8px 8px;height:200px;transition:.3s ease-in-out}.cards-sup:hover+.cards-bel:hover{box-shadow:0 2px 2px 0 rgba(0,0,0,.2)}@media only screen and (max-width:500px){.section-cards{flex-direction:column;align-content:center}.cards{width:292px}.text-cards .tc-h2{display:block;font-size:20px;width:125px}.cards-sl{color:#f0980e95!important}}<\/style><style> .slick-slider { -webkit-user-select: none; -moz-user-select: none; -ms-user-select: none; user-select: none; -webkit-touch-callout: none; -khtml-user-select: none; ms-touch-action: pan-y; touch-action: pan-y; -webkit-tap-highlight-color: transparent; }   .slick-slide { float: left; margin: 4px} <\/style><div class=\"a\"> <a href=\"https:\/\/www.hogardecristo.cl\/sumate\/antonella-testimonio-colegio-2x1\/\"> <div class=\"cards\"> <div class=\"cards-sup\"> <div style=\"height: 200px;width: 100%;background: url(https:\/\/www.hogardecristo.cl\/sumate\/wp-content\/uploads\/2026\/04\/Banner-Interior-Sitio.jpg);background-position: center;background-size: cover;background-repeat: no-repeat;border-radius: 8px 8px 0 0;\"> <\/div><\/div><div class=\"cards-bel\"><span class=\"text-cards tc-h2\">Antonella: De vivir bajo un puente a las aulas de S\u00famate<\/span> <div class=\"cards-btn\"><img decoding=\"async\" src=\"\/sumate\/wp-content\/uploads\/2020\/10\/mas2.png\" width=\"24\"><span style=\"margin-left:8px;\">Ver m\u00e1s<\/span><\/div><\/div><\/div><\/a><\/div><div class=\"a\"> <a href=\"https:\/\/www.hogardecristo.cl\/sumate\/claudia-perez-podemos-ganarle-a-la-calle\/\"> <div class=\"cards\"> <div class=\"cards-sup\"> <div style=\"height: 200px;width: 100%;background: url(https:\/\/www.hogardecristo.cl\/sumate\/wp-content\/uploads\/2026\/04\/claudia-Perez-Escuela-de-Renca.png);background-position: center;background-size: cover;background-repeat: no-repeat;border-radius: 8px 8px 0 0;\"> <\/div><\/div><div class=\"cards-bel\"><span class=\"text-cards tc-h2\">Claudia P\u00e9rez: \u201cPodemos ganarle a la calle\u201d<\/span> <div class=\"cards-btn\"><img decoding=\"async\" src=\"\/sumate\/wp-content\/uploads\/2020\/10\/mas2.png\" width=\"24\"><span style=\"margin-left:8px;\">Ver m\u00e1s<\/span><\/div><\/div><\/div><\/a><\/div><div class=\"a\"> <a href=\"https:\/\/www.hogardecristo.cl\/sumate\/claudio-castro-1-500-excluidos-ese-numero-es-mio\/\"> <div class=\"cards\"> <div class=\"cards-sup\"> <div style=\"height: 200px;width: 100%;background: url(https:\/\/www.hogardecristo.cl\/sumate\/wp-content\/uploads\/2026\/04\/banner-Claudio-Castro_Renca.jpg);background-position: center;background-size: cover;background-repeat: no-repeat;border-radius: 8px 8px 0 0;\"> <\/div><\/div><div class=\"cards-bel\"><span class=\"text-cards tc-h2\">Claudio Castro: \u201cQue un solo ni\u00f1o est\u00e9 fuera de la escuela es un esc\u00e1ndalo\u201d<\/span> <div class=\"cards-btn\"><img decoding=\"async\" src=\"\/sumate\/wp-content\/uploads\/2020\/10\/mas2.png\" width=\"24\"><span style=\"margin-left:8px;\">Ver m\u00e1s<\/span><\/div><\/div><\/div><\/a><\/div><div class=\"a\"> <a href=\"https:\/\/www.hogardecristo.cl\/sumate\/franco-cisternas-sin-estudios-uno-no-es-nada\/\"> <div class=\"cards\"> <div class=\"cards-sup\"> <div style=\"height: 200px;width: 100%;background: url(https:\/\/www.hogardecristo.cl\/sumate\/wp-content\/uploads\/2026\/04\/banner-Franco-Cisternas.jpg);background-position: center;background-size: cover;background-repeat: no-repeat;border-radius: 8px 8px 0 0;\"> <\/div><\/div><div class=\"cards-bel\"><span class=\"text-cards tc-h2\">Franco Cisternas: \u201cSin estudios, uno no es nada\u201d<\/span> <div class=\"cards-btn\"><img decoding=\"async\" src=\"\/sumate\/wp-content\/uploads\/2020\/10\/mas2.png\" width=\"24\"><span style=\"margin-left:8px;\">Ver m\u00e1s<\/span><\/div><\/div><\/div><\/a><\/div><\/div><!-- [et_pb_line_break_holder] --><\/div>\n<p><!-- [et_pb_line_break_holder] --><\/p>\n<div style=\"display: flex; justify-content: space-between\"><!-- [et_pb_line_break_holder] -->  <\/p>\n<div class=\"prev\"><\/div>\n<p><!-- [et_pb_line_break_holder] -->  <\/p>\n<div class=\"next\"><\/div>\n<p><!-- [et_pb_line_break_holder] --><\/div>\n<p>[\/et_pb_code][\/et_pb_column][\/et_pb_row][\/et_pb_section]<\/p>\n","protected":false},"excerpt":{"rendered":"<p>[et_pb_section fb_built=\u00bb1&#8243; admin_label=\u00bbGlobal Header\u00bb _builder_version=\u00bb4.6.6&#8243; _module_preset=\u00bbdefault\u00bb background_color=\u00bb#77aa00&#8243; background_image=\u00bbhttps:\/\/www.hogardecristo.cl\/sumate\/wp-content\/uploads\/2020\/10\/sumate5.jpg\u00bb background_blend=\u00bbsoft-light\u00bb custom_margin=\u00bb||||false|false\u00bb custom_margin_tablet=\u00bb90px||||false|false\u00bb custom_margin_phone=\u00bb70px||||false|false\u00bb custom_margin_last_edited=\u00bboff|desktop\u00bb custom_padding=\u00bb15px|10px|15px|10px|true|true\u00bb global_module=\u00bb2368&#8243; global_colors_info=\u00bb{}\u00bb][et_pb_row column_structure=\u00bb1_2,1_2&#8243; _builder_version=\u00bb4.16&#8243; _module_preset=\u00bbdefault\u00bb custom_margin=\u00bb||0px||false|false\u00bb custom_padding=\u00bb11px|0px|0px|0px|false|true\u00bb global_colors_info=\u00bb{}\u00bb][et_pb_column type=\u00bb1_2&#8243; _builder_version=\u00bb4.16&#8243; _module_preset=\u00bbdefault\u00bb custom_css_main_element=\u00bbmargin-bottom: 0px!important;\u00bb global_colors_info=\u00bb{}\u00bb custom_css_main_element_last_edited=\u00bboff|tablet\u00bb][et_pb_text admin_label=\u00bbTexto\u00bb _builder_version=\u00bb4.16&#8243; _dynamic_attributes=\u00bbcontent\u00bb _module_preset=\u00bbdefault\u00bb header_text_color=\u00bb#ffffff\u00bb header_font_size=\u00bb30px\u00bb custom_margin=\u00bb||||false|false\u00bb custom_padding=\u00bb2px|0px|0px|0px|false|true\u00bb custom_padding_tablet=\u00bb|10px||10px|false|true\u00bb custom_padding_phone=\u00bb\u00bb custom_padding_last_edited=\u00bbon|phone\u00bb global_colors_info=\u00bb{}\u00bb]@ET-DC@eyJkeW5hbWljIjp0cnVlLCJjb250ZW50IjoicG9zdF90aXRsZSIsInNldHRpbmdzIjp7ImJlZm9yZSI6IjxoMT4iLCJhZnRlciI6IjwvaDE+In19@[\/et_pb_text][\/et_pb_column][et_pb_column type=\u00bb1_2&#8243; disabled_on=\u00bbon|on|off\u00bb _builder_version=\u00bb4.16&#8243; _module_preset=\u00bbdefault\u00bb global_colors_info=\u00bb{}\u00bb][et_pb_code disabled_on=\u00bbon|on|off\u00bb _builder_version=\u00bb4.16&#8243; _module_preset=\u00bbdefault\u00bb text_orientation=\u00bbright\u00bb custom_padding=\u00bb0px|0px|0px|0px|true|true\u00bb custom_css_main_element=\u00bbcolor: white;||margin-top: -4px;||margin-bottom: 4px;\u00bb [&hellip;]<\/p>\n","protected":false},"author":1,"featured_media":0,"parent":0,"menu_order":0,"comment_status":"closed","ping_status":"closed","template":"","meta":{"_acf_changed":false,"_et_pb_use_builder":"on","_et_pb_old_content":"","_et_gb_content_width":"","footnotes":""},"class_list":["post-2365","page","type-page","status-publish","hentry"],"acf":[],"_links":{"self":[{"href":"https:\/\/www.hogardecristo.cl\/sumate\/wp-json\/wp\/v2\/pages\/2365","targetHints":{"allow":["GET"]}}],"collection":[{"href":"https:\/\/www.hogardecristo.cl\/sumate\/wp-json\/wp\/v2\/pages"}],"about":[{"href":"https:\/\/www.hogardecristo.cl\/sumate\/wp-json\/wp\/v2\/types\/page"}],"author":[{"embeddable":true,"href":"https:\/\/www.hogardecristo.cl\/sumate\/wp-json\/wp\/v2\/users\/1"}],"replies":[{"embeddable":true,"href":"https:\/\/www.hogardecristo.cl\/sumate\/wp-json\/wp\/v2\/comments?post=2365"}],"version-history":[{"count":40,"href":"https:\/\/www.hogardecristo.cl\/sumate\/wp-json\/wp\/v2\/pages\/2365\/revisions"}],"predecessor-version":[{"id":12482,"href":"https:\/\/www.hogardecristo.cl\/sumate\/wp-json\/wp\/v2\/pages\/2365\/revisions\/12482"}],"wp:attachment":[{"href":"https:\/\/www.hogardecristo.cl\/sumate\/wp-json\/wp\/v2\/media?parent=2365"}],"curies":[{"name":"wp","href":"https:\/\/api.w.org\/{rel}","templated":true}]}}