{"id":8877,"date":"2020-10-21T11:22:18","date_gmt":"2020-10-21T14:22:18","guid":{"rendered":"https:\/\/www.hogardecristo.cl\/sumate\/?page_id=8877"},"modified":"2025-09-03T13:26:30","modified_gmt":"2025-09-03T16:26:30","slug":"programas-socioeducativos","status":"publish","type":"page","link":"https:\/\/www.hogardecristo.cl\/sumate\/que-hacemos\/programas-socioeducativos\/","title":{"rendered":"Programas Socioeducativos"},"content":{"rendered":"<p>[et_pb_section fb_built=\u00bb1&#8243; admin_label=\u00bbGlobal Header\u00bb _builder_version=\u00bb4.6.6&#8243; _module_preset=\u00bbdefault\u00bb background_color=\u00bb#77aa00&#8243; background_image=\u00bbhttps:\/\/www.hogardecristo.cl\/sumate\/wp-content\/uploads\/2020\/10\/sumate5.jpg\u00bb background_blend=\u00bbsoft-light\u00bb custom_margin=\u00bb||||false|false\u00bb custom_margin_tablet=\u00bb90px||||false|false\u00bb custom_margin_phone=\u00bb70px||||false|false\u00bb custom_margin_last_edited=\u00bboff|desktop\u00bb custom_padding=\u00bb0px||0px||false|false\u00bb da_disable_devices=\u00bboff|off|off\u00bb global_module=\u00bb2368&#8243; global_colors_info=\u00bb{}\u00bb da_is_popup=\u00bboff\u00bb da_exit_intent=\u00bboff\u00bb da_has_close=\u00bbon\u00bb da_alt_close=\u00bboff\u00bb da_dark_close=\u00bboff\u00bb da_not_modal=\u00bbon\u00bb da_is_singular=\u00bboff\u00bb da_with_loader=\u00bboff\u00bb da_has_shadow=\u00bbon\u00bb][et_pb_row column_structure=\u00bb1_2,1_2&#8243; _builder_version=\u00bb4.16&#8243; _module_preset=\u00bbdefault\u00bb custom_margin=\u00bb||0px||false|false\u00bb custom_padding=\u00bb11px|0px|0px|0px|false|true\u00bb global_colors_info=\u00bb{}\u00bb][et_pb_column type=\u00bb1_2&#8243; _builder_version=\u00bb4.16&#8243; _module_preset=\u00bbdefault\u00bb custom_css_main_element=\u00bbmargin-bottom: 0px!important;\u00bb global_colors_info=\u00bb{}\u00bb custom_css_main_element_last_edited=\u00bboff|tablet\u00bb][et_pb_text admin_label=\u00bbTexto\u00bb _builder_version=\u00bb4.16&#8243; _dynamic_attributes=\u00bbcontent\u00bb _module_preset=\u00bbdefault\u00bb header_text_color=\u00bb#ffffff\u00bb header_font_size=\u00bb30px\u00bb custom_margin=\u00bb||||false|false\u00bb custom_padding=\u00bb2px|0px|0px|0px|false|true\u00bb custom_padding_tablet=\u00bb|10px||10px|false|true\u00bb custom_padding_phone=\u00bb\u00bb custom_padding_last_edited=\u00bbon|phone\u00bb global_colors_info=\u00bb{}\u00bb]@ET-DC@eyJkeW5hbWljIjp0cnVlLCJjb250ZW50IjoicG9zdF90aXRsZSIsInNldHRpbmdzIjp7ImJlZm9yZSI6IjxoMT4iLCJhZnRlciI6IjwvaDE+In19@[\/et_pb_text][\/et_pb_column][et_pb_column type=\u00bb1_2&#8243; disabled_on=\u00bbon|on|off\u00bb _builder_version=\u00bb4.16&#8243; _module_preset=\u00bbdefault\u00bb global_colors_info=\u00bb{}\u00bb][et_pb_code disabled_on=\u00bbon|on|off\u00bb _builder_version=\u00bb4.16&#8243; _module_preset=\u00bbdefault\u00bb text_orientation=\u00bbright\u00bb custom_padding=\u00bb0px|0px|0px|0px|true|true\u00bb custom_css_main_element=\u00bbcolor: white;||margin-top: -4px;||margin-bottom: 4px;\u00bb global_colors_info=\u00bb{}\u00bb][flexy_breadcrumb][\/et_pb_code][\/et_pb_column][\/et_pb_row][\/et_pb_section][et_pb_section fb_built=\u00bb1&#8243; admin_label=\u00bbS\u00famate\u00bb _builder_version=\u00bb4.16&#8243; _module_preset=\u00bbdefault\u00bb custom_padding=\u00bb30px|10px|30px|10px|true|true\u00bb da_disable_devices=\u00bboff|off|off\u00bb global_colors_info=\u00bb{}\u00bb da_is_popup=\u00bboff\u00bb da_exit_intent=\u00bboff\u00bb da_has_close=\u00bbon\u00bb da_alt_close=\u00bboff\u00bb da_dark_close=\u00bboff\u00bb da_not_modal=\u00bbon\u00bb da_is_singular=\u00bboff\u00bb da_with_loader=\u00bboff\u00bb da_has_shadow=\u00bbon\u00bb][et_pb_row _builder_version=\u00bb4.16&#8243; _module_preset=\u00bbdefault\u00bb global_colors_info=\u00bb{}\u00bb][et_pb_column type=\u00bb4_4&#8243; _builder_version=\u00bb4.16&#8243; _module_preset=\u00bbdefault\u00bb global_colors_info=\u00bb{}\u00bb][et_pb_text _builder_version=\u00bb4.16&#8243; _module_preset=\u00bbdefault\u00bb text_orientation_tablet=\u00bb\u00bb text_orientation_phone=\u00bbjustified\u00bb text_orientation_last_edited=\u00bbon|phone\u00bb global_colors_info=\u00bb{}\u00bb]<\/p>\n<p>Programas de educaci\u00f3n no formal que realizan acompa\u00f1amiento socioeducativo a ni\u00f1os, ni\u00f1as\u00a0 y\u00a0 j\u00f3venes en situaci\u00f3n de vulnerabilidad a trav\u00e9s de tutor\u00edas personalizadas y espacios formativos grupales con foco en la re-significaci\u00f3n de sus experiencias de exclusi\u00f3n, el bienestar y la inclusi\u00f3n social.<\/p>\n<p>[\/et_pb_text][\/et_pb_column][\/et_pb_row][\/et_pb_section][et_pb_section fb_built=\u00bb1&#8243; admin_label=\u00bbPadre Hurtado\u00bb _builder_version=\u00bb4.16&#8243; _module_preset=\u00bbdefault\u00bb custom_padding=\u00bb0px||||false|false\u00bb da_disable_devices=\u00bboff|off|off\u00bb global_colors_info=\u00bb{}\u00bb da_is_popup=\u00bboff\u00bb da_exit_intent=\u00bboff\u00bb da_has_close=\u00bbon\u00bb da_alt_close=\u00bboff\u00bb da_dark_close=\u00bboff\u00bb da_not_modal=\u00bbon\u00bb da_is_singular=\u00bboff\u00bb da_with_loader=\u00bboff\u00bb da_has_shadow=\u00bbon\u00bb][et_pb_row column_structure=\u00bb1_2,1_2&#8243; use_custom_gutter=\u00bbon\u00bb make_equal=\u00bbon\u00bb _builder_version=\u00bb4.16&#8243; _module_preset=\u00bbdefault\u00bb global_colors_info=\u00bb{}\u00bb custom_css_main_element_last_edited=\u00bbon|phone\u00bb custom_css_main_element_phone=\u00bbdisplay: flex;||flex-wrap: wrap;\u00bb][et_pb_column type=\u00bb1_2&#8243; _builder_version=\u00bb4.16&#8243; _module_preset=\u00bbdefault\u00bb custom_padding=\u00bb70px|25px|70px|25px|true|false\u00bb global_colors_info=\u00bb{}\u00bb custom_css_main_element_last_edited=\u00bbon|phone\u00bb custom_css_main_element_phone=\u00bborder: 1;\u00bb][et_pb_text _builder_version=\u00bb4.26.0&#8243; _module_preset=\u00bbdefault\u00bb custom_margin=\u00bb||0px||false|false\u00bb custom_padding=\u00bb||0px||false|false\u00bb text_orientation_tablet=\u00bb\u00bb text_orientation_phone=\u00bbjustified\u00bb text_orientation_last_edited=\u00bbon|phone\u00bb global_colors_info=\u00bb{}\u00bb]<\/p>\n<h2>Regi\u00f3n Metropolitana<\/h2>\n<p>[\/et_pb_text][et_pb_text _builder_version=\u00bb4.16&#8243; _module_preset=\u00bbdefault\u00bb custom_margin=\u00bb||15px||false|false\u00bb custom_padding=\u00bb||||false|false\u00bb text_orientation_tablet=\u00bb\u00bb text_orientation_phone=\u00bbjustified\u00bb text_orientation_last_edited=\u00bbon|phone\u00bb global_colors_info=\u00bb{}\u00bb]<\/p>\n<p>Ubicado en la comuna de La Granja. Acompa\u00f1a trayectorias educativas de 370 ni\u00f1os, ni\u00f1as y j\u00f3venes que tienen entre 8 y 25 a\u00f1os y que viven en las comunas de Sector Sur de Santiago.<\/p>\n<p>[\/et_pb_text][et_pb_button button_url=\u00bb@ET-DC@eyJkeW5hbWljIjp0cnVlLCJjb250ZW50IjoicG9zdF9saW5rX3VybF9wcm9ncmFtYXMiLCJzZXR0aW5ncyI6eyJwb3N0X2lkIjoiOTMyMyJ9fQ==@\u00bb button_text=\u00bbVer m\u00e1s\u00bb _builder_version=\u00bb4.16&#8243; _dynamic_attributes=\u00bbbutton_url\u00bb _module_preset=\u00bbdefault\u00bb custom_button=\u00bbon\u00bb button_text_size=\u00bb14px\u00bb button_text_color=\u00bb#ffffff\u00bb button_bg_color=\u00bb#ff6600&#8243; button_border_width=\u00bb0px\u00bb button_border_radius=\u00bb100px\u00bb button_letter_spacing=\u00bb0px\u00bb button_font=\u00bb|600|||||||\u00bb button_use_icon=\u00bboff\u00bb box_shadow_style=\u00bbpreset3&#8243; box_shadow_vertical=\u00bb0px\u00bb global_colors_info=\u00bb{}\u00bb button_text_color__hover=\u00bb#ffffff\u00bb button_text_color__hover_enabled=\u00bbon|desktop\u00bb button_bg_color__hover=\u00bbrgba(255,102,0,0.8)\u00bb button_bg_color__hover_enabled=\u00bbon|hover\u00bb button_bg_enable_color__hover=\u00bbon\u00bb box_shadow_vertical__hover_enabled=\u00bbon|hover\u00bb box_shadow_vertical__hover=\u00bb8px\u00bb][\/et_pb_button][\/et_pb_column][et_pb_column type=\u00bb1_2&#8243; _builder_version=\u00bb4.16&#8243; _module_preset=\u00bbdefault\u00bb background_image=\u00bbhttps:\/\/www.hogardecristo.cl\/sumate\/wp-content\/uploads\/2020\/10\/programas-sur.jpg\u00bb global_colors_info=\u00bb{}\u00bb custom_css_main_element_last_edited=\u00bbon|phone\u00bb custom_css_main_element_phone=\u00bborder: 2;\u00bb][\/et_pb_column][\/et_pb_row][\/et_pb_section][et_pb_section fb_built=\u00bb1&#8243; admin_label=\u00bbPadre Hurtado\u00bb _builder_version=\u00bb4.26.0&#8243; _module_preset=\u00bbdefault\u00bb background_color=\u00bb#77aa00&#8243; custom_padding=\u00bb0px||||false|false\u00bb custom_css_before=\u00bbbackground-color: #89bd23 !important;\u00bb da_disable_devices=\u00bboff|off|off\u00bb global_colors_info=\u00bb{}\u00bb da_is_popup=\u00bboff\u00bb da_exit_intent=\u00bboff\u00bb da_has_close=\u00bbon\u00bb da_alt_close=\u00bboff\u00bb da_dark_close=\u00bboff\u00bb da_not_modal=\u00bbon\u00bb da_is_singular=\u00bboff\u00bb da_with_loader=\u00bboff\u00bb da_has_shadow=\u00bbon\u00bb][et_pb_row _builder_version=\u00bb4.26.0&#8243; _module_preset=\u00bbdefault\u00bb background_color=\u00bb#77aa00&#8243; custom_css_before=\u00bbbackground-color: #89bd23 !important;\u00bb custom_css_free_form=\u00bb.et_pb_row .et_pb_row_4{||  background-color: #89bd23 !important;||}\u00bb global_colors_info=\u00bb{}\u00bb][et_pb_column type=\u00bb4_4&#8243; _builder_version=\u00bb4.26.0&#8243; _module_preset=\u00bbdefault\u00bb global_colors_info=\u00bb{}\u00bb][et_pb_button button_url=\u00bb@ET-DC@eyJkeW5hbWljIjp0cnVlLCJjb250ZW50IjoicG9zdF9saW5rX3VybF9wYWdlIiwic2V0dGluZ3MiOnsicG9zdF9pZCI6IjI0MDIifX0=@\u00bb button_text=\u00bbPostula Hoy\u00bb button_alignment=\u00bbcenter\u00bb _builder_version=\u00bb4.26.0&#8243; _dynamic_attributes=\u00bbbutton_url\u00bb _module_preset=\u00bbdefault\u00bb custom_button=\u00bbon\u00bb button_text_size=\u00bb18px\u00bb button_text_color=\u00bb#89bd23&#8243; button_bg_color=\u00bb#ffffff\u00bb button_border_width=\u00bb0px\u00bb button_border_radius=\u00bb100px\u00bb button_font=\u00bb|600|||||||\u00bb button_use_icon=\u00bboff\u00bb transform_translate_linked=\u00bboff\u00bb custom_margin=\u00bb20px||||false|false\u00bb custom_padding=\u00bb5px||5px||true|false\u00bb hover_transition_duration=\u00bb150ms\u00bb button_border_radius_phone=\u00bb51px\u00bb button_border_radius_last_edited=\u00bboff|phone\u00bb custom_css_before=\u00bb||margin: 10px;\u00bb custom_css_main_element=\u00bbwidth: 50%;\u00bb global_colors_info=\u00bb{}\u00bb button_bg_color__hover_enabled=\u00bboff|hover\u00bb button_bg_color__hover=\u00bb#89bd23&#8243; button_bg_enable_color__hover=\u00bbon\u00bb button_text_color__hover_enabled=\u00bboff|desktop\u00bb button_text_color__hover=\u00bb#ffffff\u00bb transform_styles__hover_enabled=\u00bbon|hover\u00bb transform_scale__hover_enabled=\u00bbon|desktop\u00bb transform_translate__hover_enabled=\u00bbon|hover\u00bb transform_rotate__hover_enabled=\u00bbon|desktop\u00bb transform_skew__hover_enabled=\u00bbon|desktop\u00bb transform_origin__hover_enabled=\u00bbon|desktop\u00bb transform_translate__hover=\u00bb0px|-3px\u00bb custom_css_main_element_last_edited=\u00bbon|phone\u00bb custom_css_main_element_phone=\u00bbwidth: 80%;\u00bb custom_css_main_element_tablet=\u00bbwidth: 50%;\u00bb][\/et_pb_button][\/et_pb_column][\/et_pb_row][\/et_pb_section]<\/p>\n","protected":false},"excerpt":{"rendered":"<p>[flexy_breadcrumb]Programas de educaci\u00f3n no formal que realizan acompa\u00f1amiento socioeducativo a ni\u00f1os, ni\u00f1as\u00a0 y\u00a0 j\u00f3venes en situaci\u00f3n de vulnerabilidad a trav\u00e9s de tutor\u00edas personalizadas y espacios formativos grupales con foco en la re-significaci\u00f3n de sus experiencias de exclusi\u00f3n, el bienestar y la inclusi\u00f3n social.Regi\u00f3n MetropolitanaUbicado en la comuna de La Granja. Acompa\u00f1a trayectorias educativas de 370 [&hellip;]<\/p>\n","protected":false},"author":1,"featured_media":0,"parent":2315,"menu_order":0,"comment_status":"closed","ping_status":"closed","template":"","meta":{"_acf_changed":false,"_et_pb_use_builder":"on","_et_pb_old_content":"","_et_gb_content_width":"","footnotes":""},"class_list":["post-8877","page","type-page","status-publish","hentry"],"acf":[],"_links":{"self":[{"href":"https:\/\/www.hogardecristo.cl\/sumate\/wp-json\/wp\/v2\/pages\/8877","targetHints":{"allow":["GET"]}}],"collection":[{"href":"https:\/\/www.hogardecristo.cl\/sumate\/wp-json\/wp\/v2\/pages"}],"about":[{"href":"https:\/\/www.hogardecristo.cl\/sumate\/wp-json\/wp\/v2\/types\/page"}],"author":[{"embeddable":true,"href":"https:\/\/www.hogardecristo.cl\/sumate\/wp-json\/wp\/v2\/users\/1"}],"replies":[{"embeddable":true,"href":"https:\/\/www.hogardecristo.cl\/sumate\/wp-json\/wp\/v2\/comments?post=8877"}],"version-history":[{"count":18,"href":"https:\/\/www.hogardecristo.cl\/sumate\/wp-json\/wp\/v2\/pages\/8877\/revisions"}],"predecessor-version":[{"id":12346,"href":"https:\/\/www.hogardecristo.cl\/sumate\/wp-json\/wp\/v2\/pages\/8877\/revisions\/12346"}],"up":[{"embeddable":true,"href":"https:\/\/www.hogardecristo.cl\/sumate\/wp-json\/wp\/v2\/pages\/2315"}],"wp:attachment":[{"href":"https:\/\/www.hogardecristo.cl\/sumate\/wp-json\/wp\/v2\/media?parent=8877"}],"curies":[{"name":"wp","href":"https:\/\/api.w.org\/{rel}","templated":true}]}}